{"id":6,"date":"2016-11-22T09:12:21","date_gmt":"2016-11-22T09:12:21","guid":{"rendered":"http:\/\/dev.champtheme.net\/educare\/?page_id=6"},"modified":"2021-08-04T19:37:27","modified_gmt":"2021-08-04T19:37:27","slug":"home","status":"publish","type":"page","link":"https:\/\/ccis.com.ar\/capacitaciones\/","title":{"rendered":"Home"},"content":{"rendered":"<p>[vc_row full_width=\u00bbstretch_row\u00bb][vc_column][\/vc_column][\/vc_row]<\/p>\n\n\n\n<div class=\"wp-block-columns is-layout-flex wp-container-13 wp-block-columns-is-layout-flex\">\n<div class=\"wp-block-column is-vertically-aligned-center botones-home is-layout-flow wp-block-column-is-layout-flow\" style=\"flex-basis:100%\">\n<div class=\"wp-block-columns is-layout-flex wp-container-2 wp-block-columns-is-layout-flex\">\n<div class=\"wp-block-column is-layout-flow wp-block-column-is-layout-flow\">\n<p><\/p>\n<\/div>\n<\/div>\n\n\n\n<div class=\"wp-block-columns is-layout-flex wp-container-11 wp-block-columns-is-layout-flex\">\n<div class=\"wp-block-column is-layout-flow wp-block-column-is-layout-flow\">\n<div class=\"wp-block-columns is-layout-flex wp-container-5 wp-block-columns-is-layout-flex\">\n<div class=\"wp-block-column is-layout-flow wp-block-column-is-layout-flow\" style=\"flex-basis:33.33%\"><\/div>\n\n\n\n<div class=\"wp-block-column is-layout-flow wp-block-column-is-layout-flow\" style=\"flex-basis:66.66%\">\n<div class=\"wp-block-image\"><figure class=\"aligncenter size-large\"><a href=\"https:\/\/www.educacion.biz\/\" target=\"_blank\" rel=\"noopener\"><img decoding=\"async\" loading=\"lazy\" width=\"400\" height=\"150\" src=\"https:\/\/ccis.com.ar\/capacitaciones\/wp-content\/uploads\/2021\/03\/BOTON-CAPACITACION01.jpg\" alt=\"\" class=\"wp-image-3284\" srcset=\"https:\/\/ccis.com.ar\/capacitaciones\/wp-content\/uploads\/2021\/03\/BOTON-CAPACITACION01.jpg 400w, https:\/\/ccis.com.ar\/capacitaciones\/wp-content\/uploads\/2021\/03\/BOTON-CAPACITACION01-300x113.jpg 300w\" sizes=\"(max-width: 400px) 100vw, 400px\" \/><\/a><\/figure><\/div>\n<\/div>\n<\/div>\n<\/div>\n\n\n\n<div class=\"wp-block-column is-layout-flow wp-block-column-is-layout-flow\">\n<div class=\"wp-block-columns is-layout-flex wp-container-9 wp-block-columns-is-layout-flex\">\n<div class=\"wp-block-column is-layout-flow wp-block-column-is-layout-flow\" style=\"flex-basis:66.66%\">\n<div class=\"wp-block-image\"><figure class=\"aligncenter size-large\"><a href=\"https:\/\/www.educacionit.com\/\" target=\"_blank\" rel=\"noopener\"><img decoding=\"async\" loading=\"lazy\" width=\"400\" height=\"150\" src=\"https:\/\/ccis.com.ar\/capacitaciones\/wp-content\/uploads\/2021\/03\/BOTON-CAPACITACION02.jpg\" alt=\"\" class=\"wp-image-3296\" srcset=\"https:\/\/ccis.com.ar\/capacitaciones\/wp-content\/uploads\/2021\/03\/BOTON-CAPACITACION02.jpg 400w, https:\/\/ccis.com.ar\/capacitaciones\/wp-content\/uploads\/2021\/03\/BOTON-CAPACITACION02-300x113.jpg 300w\" sizes=\"(max-width: 400px) 100vw, 400px\" \/><\/a><\/figure><\/div>\n<\/div>\n\n\n\n<div class=\"wp-block-column is-layout-flow wp-block-column-is-layout-flow\" style=\"flex-basis:33%\"><\/div>\n<\/div>\n<\/div>\n<\/div>\n<\/div>\n<\/div>\n\n\n<p>[vc_row][vc_column][vc_raw_html]JTNDYnIlMkYlM0U=[\/vc_raw_html][\/vc_column][\/vc_row][vc_row][vc_column]\n        <div class=\"educare-section-title educare-section-title-style-1\"><h2>Capacitaciones 100% online<\/h2><p>Brindamos herramientas para el mundo real. Capacitate desde tu casa.<\/p>\n<\/div>[vc_column_text]<\/p>\n<h2 style=\"text-align: center;\"><a href=\"http:\/\/ccis.com.ar\/capacitaciones\/cursos\/\">Cursos<\/a><\/h2>\n<p>[\/vc_column_text]<div class=\"educare-course-list-wrap educare-course-list-3\"><div class=\"row\"><div class=\"col-md-4\">\n\n            <div class=\"single-educare-course\">\n            <a href=\"https:\/\/ccis.com.ar\/capacitaciones\/course\/diplomatura-en-marketing-digital-social-media-y-publicidad\/\">\n                <div style=\"background-image:url(https:\/\/ccis.com.ar\/capacitaciones\/wp-content\/uploads\/2022\/04\/700x700-300x300.jpg)\" class=\"educare-course-img\">\n\n                    <div class=\"educare-loading-bar\">\n\n                        <p><i class=\"fa fa-cog fa-spin\"><\/i> Loading ...<\/p>\n\n                    <\/div>\n\n                    <div class=\"educare-course-img-border\"><\/div>\n\n                <\/div>\n\n                <h2>Diplomatura en Marketing Digital, Social Media y Publicidad <span> <span  class=\"count\"><\/span><\/span><\/h2>\n\n                <p>[FINALIZADO] Profesor: Lic. Giselle Gioffre Ver Linkedin Lic. Bruno Capristo Ver Linkedin Lic. Carolina Graselli Ver Linkedin Dirigido a Quienes quieren dar sus primeros pasos en Internet, como as\u00ed tambi\u00e9n para quienes ya cuentan con algo de experiencia y desean ampliar sus conocimientos para adquirir m\u00e1s teor\u00eda y pr\u00e1ctica. Las clases son amenas, con mucha [&hellip;]<\/p>\n\n\n                <a href=\"https:\/\/ccis.com.ar\/capacitaciones\/course\/diplomatura-en-marketing-digital-social-media-y-publicidad\/\" class=\"educare-btn bordered-btn \">Leer m\u00e1s<\/a>\n            <\/a>\n            <\/div>\n\n        <\/div><div class=\"col-md-4\">\n\n            <div class=\"single-educare-course\">\n            <a href=\"https:\/\/ccis.com.ar\/capacitaciones\/course\/atencion-al-cliente-y-ventas\/\">\n                <div style=\"background-image:url(https:\/\/ccis.com.ar\/capacitaciones\/wp-content\/uploads\/2021\/08\/fotoweb-Atencio\u0301n-al-Cliente-y-Ventas-2021-300x300.png)\" class=\"educare-course-img\">\n\n                    <div class=\"educare-loading-bar\">\n\n                        <p><i class=\"fa fa-cog fa-spin\"><\/i> Loading ...<\/p>\n\n                    <\/div>\n\n                    <div class=\"educare-course-img-border\"><\/div>\n\n                <\/div>\n\n                <h2>Atenci\u00f3n al cliente y ventas <span> <span  class=\"count\"><\/span><\/span><\/h2>\n\n                <p>[FINALIZADO] [Segunda Edici\u00f3n] Profesor: Marizu Noguez Ver CV Dirigido a Este taller tiene por objetivo colaborar con las organizaciones en profesionalizar a todos aquellos colaboradores que tienen contacto directo y personalizado con sus clientes. Descripci\u00f3n Propone colaborar con los participantes para: Reconocer la importancia del rol que cumplen como representantes de ventas. Identificar el objetivo [&hellip;]<\/p>\n\n\n                <a href=\"https:\/\/ccis.com.ar\/capacitaciones\/course\/atencion-al-cliente-y-ventas\/\" class=\"educare-btn bordered-btn \">Leer m\u00e1s<\/a>\n            <\/a>\n            <\/div>\n\n        <\/div><div class=\"col-md-4\">\n\n            <div class=\"single-educare-course\">\n            <a href=\"https:\/\/ccis.com.ar\/capacitaciones\/course\/photoshop\/\">\n                <div style=\"background-image:url(https:\/\/ccis.com.ar\/capacitaciones\/wp-content\/uploads\/2021\/09\/Fotoweb-photoshop-300x300.png)\" class=\"educare-course-img\">\n\n                    <div class=\"educare-loading-bar\">\n\n                        <p><i class=\"fa fa-cog fa-spin\"><\/i> Loading ...<\/p>\n\n                    <\/div>\n\n                    <div class=\"educare-course-img-border\"><\/div>\n\n                <\/div>\n\n                <h2>Photoshop <span> <span  class=\"count\"><\/span><\/span><\/h2>\n\n                <p>[FINALIZADO] Dirigido a A los socios de la CCIS y p\u00fablico en general que necesite adquirir conocimientos para gestionar y combinar documentos, realizar fotomontajes y retoques digitales. No es necesario conocimiento previos. El curso, pretende introducir a usuario a producir y modificar documentos e im\u00e1genes a trav\u00e9s, de este poderoso software. Nos introduciremos al flujo [&hellip;]<\/p>\n\n\n                <a href=\"https:\/\/ccis.com.ar\/capacitaciones\/course\/photoshop\/\" class=\"educare-btn bordered-btn \">Leer m\u00e1s<\/a>\n            <\/a>\n            <\/div>\n\n        <\/div><\/div><div class=\"row\"><div class=\"col-md-4\">\n\n            <div class=\"single-educare-course\">\n            <a href=\"https:\/\/ccis.com.ar\/capacitaciones\/course\/formacion-inicial-en-sap\/\">\n                <div style=\"background-image:url(https:\/\/ccis.com.ar\/capacitaciones\/wp-content\/uploads\/2021\/08\/Fotoweb-formacio\u0301n-inicial-en-SAP-300x300.png)\" class=\"educare-course-img\">\n\n                    <div class=\"educare-loading-bar\">\n\n                        <p><i class=\"fa fa-cog fa-spin\"><\/i> Loading ...<\/p>\n\n                    <\/div>\n\n                    <div class=\"educare-course-img-border\"><\/div>\n\n                <\/div>\n\n                <h2>Formaci\u00f3n inicial en SAP <span> <span  class=\"count\"><\/span><\/span><\/h2>\n\n                <p>[FINALIZADO] Profesor: Luciano S\u00edvori (Ingeniero Industrial \u2013 Consultor funcional SAP) Ver Cv Dirigido a: El curso se orienta a profesionales que se desempe\u00f1an en posiciones de mediana y alta responsabilidad en la direcci\u00f3n de organizaciones o en el gerenciamiento de \u00e1reas funcionales, alumnos avanzados de carreras de Ciencias e Ingenier\u00eda, graduados universitarios, profesionales independientes y [&hellip;]<\/p>\n\n\n                <a href=\"https:\/\/ccis.com.ar\/capacitaciones\/course\/formacion-inicial-en-sap\/\" class=\"educare-btn bordered-btn \">Leer m\u00e1s<\/a>\n            <\/a>\n            <\/div>\n\n        <\/div><div class=\"col-md-4\">\n\n            <div class=\"single-educare-course\">\n            <a href=\"https:\/\/ccis.com.ar\/capacitaciones\/course\/formacion-de-formadores-y-oratoria\/\">\n                <div style=\"background-image:url(https:\/\/ccis.com.ar\/capacitaciones\/wp-content\/uploads\/2021\/08\/fotoweb-Formador-de-formadores-300x300.png)\" class=\"educare-course-img\">\n\n                    <div class=\"educare-loading-bar\">\n\n                        <p><i class=\"fa fa-cog fa-spin\"><\/i> Loading ...<\/p>\n\n                    <\/div>\n\n                    <div class=\"educare-course-img-border\"><\/div>\n\n                <\/div>\n\n                <h2>Oratoria &#8211; Formador de Formadores orientado a quienes son capacitadores- oradores-docentes <span> <span  class=\"count\"><\/span><\/span><\/h2>\n\n                <p>[FINALIZADO] Profesor: Marizu Noguez Ver CV OBJETIVO Desarrollar en el personal designado, las actitudes, conocimientos y habilidades b\u00e1sicas necesarias para la preparaci\u00f3n y coordinaci\u00f3n de actividades de capacitaci\u00f3n Descripci\u00f3n Al finalizar la actividad los participantes al estar\u00e1n en condiciones de: Identificar las variables que intervienen en el aprendizaje de adultos Describir el perfil deseado de [&hellip;]<\/p>\n\n\n                <a href=\"https:\/\/ccis.com.ar\/capacitaciones\/course\/formacion-de-formadores-y-oratoria\/\" class=\"educare-btn bordered-btn \">Leer m\u00e1s<\/a>\n            <\/a>\n            <\/div>\n\n        <\/div><div class=\"col-md-4\">\n\n            <div class=\"single-educare-course\">\n            <a href=\"https:\/\/ccis.com.ar\/capacitaciones\/course\/workshop-fotoproducto\/\">\n                <div style=\"background-image:url(https:\/\/ccis.com.ar\/capacitaciones\/wp-content\/uploads\/2021\/06\/curso-fotoproducto-fotoweb-300x300.jpg)\" class=\"educare-course-img\">\n\n                    <div class=\"educare-loading-bar\">\n\n                        <p><i class=\"fa fa-cog fa-spin\"><\/i> Loading ...<\/p>\n\n                    <\/div>\n\n                    <div class=\"educare-course-img-border\"><\/div>\n\n                <\/div>\n\n                <h2>WorkShop, Fotoproducto <span> <span  class=\"count\"><\/span><\/span><\/h2>\n\n                <p>[FINALIZADO] Crea y edita fotograf\u00eda con estilo propio para que tus productos luzcan \u00fanicos. Capacitador Paine Soluciones Objetivo Adquirir herramientas para iniciarse en el mundo de la fotograf\u00eda de producto, usando el celular como insumo principal para las estrategias de ventas. Temas Conceptos b\u00e1sicos de fotograf\u00eda Exposici\u00f3n y tri\u00e1ngulo de exposici\u00f3n Caracter\u00edsticas y uso de [&hellip;]<\/p>\n\n\n                <a href=\"https:\/\/ccis.com.ar\/capacitaciones\/course\/workshop-fotoproducto\/\" class=\"educare-btn bordered-btn \">Leer m\u00e1s<\/a>\n            <\/a>\n            <\/div>\n\n        <\/div><\/div><div class=\"row\"><div class=\"col-md-4\">\n\n            <div class=\"single-educare-course\">\n            <a href=\"https:\/\/ccis.com.ar\/capacitaciones\/course\/fotografia-al-alcance-de-tu-mano\/\">\n                <div style=\"background-image:url(https:\/\/ccis.com.ar\/capacitaciones\/wp-content\/uploads\/2021\/03\/curso-fotografia-fotoweb-1-300x300.jpg)\" class=\"educare-course-img\">\n\n                    <div class=\"educare-loading-bar\">\n\n                        <p><i class=\"fa fa-cog fa-spin\"><\/i> Loading ...<\/p>\n\n                    <\/div>\n\n                    <div class=\"educare-course-img-border\"><\/div>\n\n                <\/div>\n\n                <h2>Fotograf\u00eda al alcance de tu mano <span> <span  class=\"count\">850<\/span><\/span><\/h2>\n\n                <p>[FINALIZADO] Aprend\u00e9 a mejorar las im\u00e1genes de tus productos. Herramientas necesarias para participar del curso: Smartphone Snapseed (app para editar fotos) -deben descargarla- Ganas de crear contenido valioso para tu feed Temario: Conceptos de fotograf\u00eda La Luz Configuraci\u00f3n de celular Tips para fotoproducto Edici\u00f3n de fotos con apps en el celular *Se env\u00eda al finalizar [&hellip;]<\/p>\n\n\n                <a href=\"https:\/\/ccis.com.ar\/capacitaciones\/course\/fotografia-al-alcance-de-tu-mano\/\" class=\"educare-btn bordered-btn \">Leer m\u00e1s<\/a>\n            <\/a>\n            <\/div>\n\n        <\/div><div class=\"col-md-4\">\n\n            <div class=\"single-educare-course\">\n            <a href=\"https:\/\/ccis.com.ar\/capacitaciones\/course\/taller-plan-de-marketing\/\">\n                <div style=\"background-image:url(https:\/\/ccis.com.ar\/capacitaciones\/wp-content\/uploads\/2020\/11\/BASE-FOTO-WEB-mark-textil-300x300.jpg)\" class=\"educare-course-img\">\n\n                    <div class=\"educare-loading-bar\">\n\n                        <p><i class=\"fa fa-cog fa-spin\"><\/i> Loading ...<\/p>\n\n                    <\/div>\n\n                    <div class=\"educare-course-img-border\"><\/div>\n\n                <\/div>\n\n                <h2>Taller: Plan de marketing. <span> <span  class=\"count\"><\/span><\/span><\/h2>\n\n                <p>[FINALIZADO] Profesor: Lic. Sebasti\u00e1n Becerra. Dirigido a Talleristas, costureras\/os, confeccionistas, dise\u00f1adores de indumentaria, emprendedores del rubro textil, trabajadores del rubro textil, operarios y todos aquellos que desempe\u00f1an alg\u00fan rol relacionado al rubro textil y quieren integrar su negocio hacia adelante o hacia atr\u00e1s. Descripci\u00f3n El marketing como disciplina se ocupa de identificar y satisfacer las [&hellip;]<\/p>\n\n\n                <a href=\"https:\/\/ccis.com.ar\/capacitaciones\/course\/taller-plan-de-marketing\/\" class=\"educare-btn bordered-btn \">Leer m\u00e1s<\/a>\n            <\/a>\n            <\/div>\n\n        <\/div><div class=\"col-md-4\">\n\n            <div class=\"single-educare-course\">\n            <a href=\"https:\/\/ccis.com.ar\/capacitaciones\/course\/storytelling-el-arte-de-contar-historias-en-la-venta\/\">\n                <div style=\"background-image:url(https:\/\/ccis.com.ar\/capacitaciones\/wp-content\/uploads\/2020\/10\/BASE-FOTO-WEB-storytellyng-300x300.jpg)\" class=\"educare-course-img\">\n\n                    <div class=\"educare-loading-bar\">\n\n                        <p><i class=\"fa fa-cog fa-spin\"><\/i> Loading ...<\/p>\n\n                    <\/div>\n\n                    <div class=\"educare-course-img-border\"><\/div>\n\n                <\/div>\n\n                <h2>Storytelling: el arte de contar historias en la venta. <span> <span  class=\"count\"><\/span><\/span><\/h2>\n\n                <p>[FINALIZADO] Profesor: Lic. Maximiliano Panero Dirigido a Ejecutivos de cuenta Asesores comerciales L\u00edderes de Venta Emprendedores Comerciantes Descripci\u00f3n Para hacer las presentaciones de venta m\u00e1s efectivas y atrapantes es necesario aprender a contarlas como si fueran una historia. En este curso, Maximiliano Panero te va a contar como secuenciar tu presentaci\u00f3n y enriquecerlas con conflictos, [&hellip;]<\/p>\n\n\n                <a href=\"https:\/\/ccis.com.ar\/capacitaciones\/course\/storytelling-el-arte-de-contar-historias-en-la-venta\/\" class=\"educare-btn bordered-btn \">Leer m\u00e1s<\/a>\n            <\/a>\n            <\/div>\n\n        <\/div><\/div><div class=\"row\"><div class=\"col-md-4\">\n\n            <div class=\"single-educare-course\">\n            <a href=\"https:\/\/ccis.com.ar\/capacitaciones\/course\/produccion-textil-industrial\/\">\n                <div style=\"background-image:url(https:\/\/ccis.com.ar\/capacitaciones\/wp-content\/uploads\/2020\/09\/TEXTIL-BASE-FOTO-WEB-300x300.jpg)\" class=\"educare-course-img\">\n\n                    <div class=\"educare-loading-bar\">\n\n                        <p><i class=\"fa fa-cog fa-spin\"><\/i> Loading ...<\/p>\n\n                    <\/div>\n\n                    <div class=\"educare-course-img-border\"><\/div>\n\n                <\/div>\n\n                <h2>Producci\u00f3n Textil Industrial <span> <span  class=\"count\"><\/span><\/span><\/h2>\n\n                <p>[FINALIZADO] Profesor: Yamil Rodriguez \u00bfNecesitas saber todos los secretos para empezar a fabricar tus propios dise\u00f1os de manera industrial? \u00bfEst\u00e1s pensando en armarte tus propias prendas? \u00bfTe gustar\u00eda fabricar ropa al por mayor? En este curso te contamos todo lo que necesitas saber para adentrarte en el mundo textil. Dirigido a: Socios de CCIS del [&hellip;]<\/p>\n\n\n                <a href=\"https:\/\/ccis.com.ar\/capacitaciones\/course\/produccion-textil-industrial\/\" class=\"educare-btn bordered-btn \">Leer m\u00e1s<\/a>\n            <\/a>\n            <\/div>\n\n        <\/div><div class=\"col-md-4\">\n\n            <div class=\"single-educare-course\">\n            <a href=\"https:\/\/ccis.com.ar\/capacitaciones\/cursos\/marketing-digital-y-comercio-electronico\/\">\n                <div style=\"background-image:url(https:\/\/ccis.com.ar\/capacitaciones\/wp-content\/uploads\/2020\/02\/flyer-foto-mkt-digital-300x300.png)\" class=\"educare-course-img\">\n\n                    <div class=\"educare-loading-bar\">\n\n                        <p><i class=\"fa fa-cog fa-spin\"><\/i> Loading ...<\/p>\n\n                    <\/div>\n\n                    <div class=\"educare-course-img-border\"><\/div>\n\n                <\/div>\n\n                <h2>Marketing Digital y Comercio Electr\u00f3nico <span> <span  class=\"count\"><\/span><\/span><\/h2>\n\n                <p>[FINALIZADO] Profesor: Bruno Palmieri &#8211; VER PERFIL Costo total EXCLUSIVO para Socios CCIS: 35% OFF \u00bb\u00a0$4.745 Ped\u00ed por Whatsapp +54 9 2914 62-6672 o por el chat tu c\u00f3digo de descuento! Resumen Bio: Bruno Palmieri se dedica desde hace m\u00e1s de 12 a\u00f1os a las tem\u00e1ticas de Marketing Digital y Comercio Electr\u00f3nico. Es presidente de [&hellip;]<\/p>\n\n\n                <a href=\"https:\/\/ccis.com.ar\/capacitaciones\/cursos\/marketing-digital-y-comercio-electronico\/\" class=\"educare-btn bordered-btn \">Leer m\u00e1s<\/a>\n            <\/a>\n            <\/div>\n\n        <\/div><div class=\"col-md-4\">\n\n            <div class=\"single-educare-course\">\n            <a href=\"https:\/\/ccis.com.ar\/capacitaciones\/course\/tecnicas-de-ventas-con-whatsapp\/\">\n                <div style=\"background-image:url(https:\/\/ccis.com.ar\/capacitaciones\/wp-content\/uploads\/2020\/06\/foto-web-300x200.jpg)\" class=\"educare-course-img\">\n\n                    <div class=\"educare-loading-bar\">\n\n                        <p><i class=\"fa fa-cog fa-spin\"><\/i> Loading ...<\/p>\n\n                    <\/div>\n\n                    <div class=\"educare-course-img-border\"><\/div>\n\n                <\/div>\n\n                <h2>T\u00c9CNICAS DE VENTAS CON WHATSAPP <span> <span  class=\"count\"><\/span><\/span><\/h2>\n\n                <p>[FINALIZADO] Profesor Lic. Maximiliano Panero Dirigido a Vendedores de todos los rubros que quieran incorporar herramientas digitales para adaptarse al nuevo contexto. Empresas socias de la CCIS y comunidad en gral. Descripci\u00f3n \u2022 WhatsApp Business \u2022 Migraci\u00f3n y Configuraci\u00f3n \u2022 Recomendaciones para la venta \u2022 Uso adecuado de las difusiones \u2022 Administraci\u00f3n de las conversaciones [&hellip;]<\/p>\n\n\n                <a href=\"https:\/\/ccis.com.ar\/capacitaciones\/course\/tecnicas-de-ventas-con-whatsapp\/\" class=\"educare-btn bordered-btn \">Leer m\u00e1s<\/a>\n            <\/a>\n            <\/div>\n\n        <\/div><\/div><div class=\"row\"><div class=\"col-md-4\">\n\n            <div class=\"single-educare-course\">\n            <a href=\"https:\/\/ccis.com.ar\/capacitaciones\/course\/liderazgo-en-home-office-motivacion-efectividad\/\">\n                <div style=\"background-image:url(https:\/\/ccis.com.ar\/capacitaciones\/wp-content\/uploads\/2020\/04\/foto-Liderazgo-Homme-office-300x300.jpg)\" class=\"educare-course-img\">\n\n                    <div class=\"educare-loading-bar\">\n\n                        <p><i class=\"fa fa-cog fa-spin\"><\/i> Loading ...<\/p>\n\n                    <\/div>\n\n                    <div class=\"educare-course-img-border\"><\/div>\n\n                <\/div>\n\n                <h2>Liderazgo en Home Office: Motivaci\u00f3n + Efectividad <span> <span  class=\"count\"><\/span><\/span><\/h2>\n\n                <p>[FINALIZADO] Profesor Natalia Garrini\u00a0(VER PERFIL)\u2013 Gisela Garcia Schibert (VER PERFIL) Dirigido a Empresarios, encargados y empleados que lideren proyectos para implementar el home office en pymes o comercios Descripci\u00f3n Desarrollar las competencias necesarias para poder implementar de forma exitosa un modelo de home office en pymes y comercios Modalidad y Temporalizaci\u00f3n propuesta Te\u00f3rico \/ pr\u00e1ctico [&hellip;]<\/p>\n\n\n                <a href=\"https:\/\/ccis.com.ar\/capacitaciones\/course\/liderazgo-en-home-office-motivacion-efectividad\/\" class=\"educare-btn bordered-btn \">Leer m\u00e1s<\/a>\n            <\/a>\n            <\/div>\n\n        <\/div><div class=\"col-md-4\">\n\n            <div class=\"single-educare-course\">\n            <a href=\"https:\/\/ccis.com.ar\/capacitaciones\/course\/ventas-online-en-tiempos-de-cuarentena\/\">\n                <div style=\"background-image:url(https:\/\/ccis.com.ar\/capacitaciones\/wp-content\/uploads\/2020\/04\/foto-Ventas-online-en-tiempos-de-cuarentena-300x300.png)\" class=\"educare-course-img\">\n\n                    <div class=\"educare-loading-bar\">\n\n                        <p><i class=\"fa fa-cog fa-spin\"><\/i> Loading ...<\/p>\n\n                    <\/div>\n\n                    <div class=\"educare-course-img-border\"><\/div>\n\n                <\/div>\n\n                <h2>Ventas online en tiempos de cuarentena <span> <span  class=\"count\"><\/span><\/span><\/h2>\n\n                <p>[FINALIZADO] Profesor Bruno Palmieri\u00a0 &#8211; VER PERFIL Dirigido a Comerciantes, empresas, equipos de venta, negocios, emprendedores, y todo aquel que necesita herramientas para vender online en esta \u00e9poca extraordinaria Descripci\u00f3n En esta gu\u00eda pr\u00e1ctica veremos los aspectos m\u00e1s importantes a tener en cuenta para vender en tiempos de cuarentena! Y te daremos una gu\u00eda paso [&hellip;]<\/p>\n\n\n                <a href=\"https:\/\/ccis.com.ar\/capacitaciones\/course\/ventas-online-en-tiempos-de-cuarentena\/\" class=\"educare-btn bordered-btn \">Leer m\u00e1s<\/a>\n            <\/a>\n            <\/div>\n\n        <\/div><\/div>\n\n    <script>\n\n    jQuery(document).ready(function($){\n\n        $(\".loadmore-course-btn\").click(function(){\n\n            $.ajax({\n\n                type: 'POST',\n\n                url: \"https:\/\/ccis.com.ar\/capacitaciones\/wp-admin\/admin-ajax.php\",\n\n                dataType: 'html',\n\n                data: {\n\n                    count: $(this).attr(\"data-count\"),\n\n                    columns: $(this).attr(\"data-columns\"),\n\n                    static_count: $(this).attr(\"data-static-count\"),\n\n                    total_loaded: $(this).attr(\"data-total-loaded\"),\n\n                    btn_text: $(this).attr(\"data-btn-text\"),\n\n                    category: $(this).attr(\"data-category\"),\n\n                    action: 'load_more_courses',\n\n                    nonce: $(this).data('nonce')\n\n                },\n\n                beforeSend: function(data) {\n\n                    $(\"#load-next-courses-message\").append(\"<span class='coursemore-loading-text'><i class='fa fa-cog fa-spin'><\/i> courses loading ...<\/span>\");\n\n                    $(\".loadmore-course-btn\").hide();\n\n                },\n\n                success: function(data, result){\n\n                    if( result != 'error' ) {\n\n                        $(\".educare-course-list-wrap .row\").append(data);\n\n\n\n\n\n\n\n\n\n                        var posts_per_page = 30;\n\n                        var final_count = parseInt($(\".loadmore-course-btn\").attr(\"data-count\")) + parseInt(posts_per_page);\n\n\n\n                        var total_found_posts = parseInt(14);\n\n                        $(\".loadmore-course-btn\").removeAttr(\"data-count\");\n\n                        $(\".loadmore-course-btn\").attr(\"data-count\", final_count);\n\n\n\n\n\n\n\n                        var total_loaded_count = parseInt($(\".loadmore-course-btn\").attr(\"data-count\")) - parseInt(posts_per_page);\n\n\n\n                        $(\".loadmore-course-btn\").removeAttr(\"data-total-loaded\");\n\n                        $(\".loadmore-course-btn\").attr(\"data-total-loaded\", total_loaded_count);\n\n                        $(\"#load-next-courses-message\").empty();\n\n                        $(\".loadmore-course-btn\").show();\n\n\n\n                        if ( parseInt($(\".loadmore-course-btn\").attr(\"data-total-loaded\")) > total_found_posts) {\n\n                            $(\"#load-next-courses-message\").append(\"No more courses available\");\n\n                            $(\".load-more-courses-wrap, #load-next-courses-message\").fadeOut();\n\n                            $(\".loadmore-course-btn\").hide();\n\n                        }\n\n                    }\n\n                }\n\n            }); \n\n        });\n\n    });\n\n    <\/script>     \n\n\n\n\n\n    <\/div>[vc_column_text]<\/p>\n<h2 style=\"text-align: center;\"><a href=\"http:\/\/ccis.com.ar\/capacitaciones\/diplomaturas-universitarias\/\">Escuela de Ventas<\/a><\/h2>\n<p>[\/vc_column_text]<div class=\"educare-course-list-wrap educare-course-list-3\"><div class=\"row\"><div class=\"col-md-4\">\n\n            <div class=\"single-educare-course\">\n            <a href=\"https:\/\/ccis.com.ar\/capacitaciones\/cursos\/diplomatura-en-ventas-y-negociacion\/\">\n                <div style=\"background-image:url(https:\/\/ccis.com.ar\/capacitaciones\/wp-content\/uploads\/2018\/07\/fotoweb-DIPLOVENTAS-300x300.png)\" class=\"educare-course-img\">\n\n                    <div class=\"educare-loading-bar\">\n\n                        <p><i class=\"fa fa-cog fa-spin\"><\/i> Loading ...<\/p>\n\n                    <\/div>\n\n                    <div class=\"educare-course-img-border\"><\/div>\n\n                <\/div>\n\n                <h2>Diplomatura en Ventas y Negociaci\u00f3n <span> <span  class=\"count\"><\/span><\/span><\/h2>\n\n                <p>Octava Edici\u00f3n Introducci\u00f3n: El requerimiento de mantenerse actualizado en el amplio \u00e1mbito de las ventas y la negociaci\u00f3n, constituye en la actualidad, un factor de primera necesidad para dos los individuos que conforman los eslabones principales de la cadena de comercializaci\u00f3n de productos y\/o servicios, en todo tipo de empresas, y en cualquier lugar de [&hellip;]<\/p>\n\n\n                <a href=\"https:\/\/ccis.com.ar\/capacitaciones\/cursos\/diplomatura-en-ventas-y-negociacion\/\" class=\"educare-btn bordered-btn \">Leer m\u00e1s<\/a>\n            <\/a>\n            <\/div>\n\n        <\/div><\/div>\n\n    <script>\n\n    jQuery(document).ready(function($){\n\n        $(\".loadmore-course-btn\").click(function(){\n\n            $.ajax({\n\n                type: 'POST',\n\n                url: \"https:\/\/ccis.com.ar\/capacitaciones\/wp-admin\/admin-ajax.php\",\n\n                dataType: 'html',\n\n                data: {\n\n                    count: $(this).attr(\"data-count\"),\n\n                    columns: $(this).attr(\"data-columns\"),\n\n                    static_count: $(this).attr(\"data-static-count\"),\n\n                    total_loaded: $(this).attr(\"data-total-loaded\"),\n\n                    btn_text: $(this).attr(\"data-btn-text\"),\n\n                    category: $(this).attr(\"data-category\"),\n\n                    action: 'load_more_courses',\n\n                    nonce: $(this).data('nonce')\n\n                },\n\n                beforeSend: function(data) {\n\n                    $(\"#load-next-courses-message\").append(\"<span class='coursemore-loading-text'><i class='fa fa-cog fa-spin'><\/i> courses loading ...<\/span>\");\n\n                    $(\".loadmore-course-btn\").hide();\n\n                },\n\n                success: function(data, result){\n\n                    if( result != 'error' ) {\n\n                        $(\".educare-course-list-wrap .row\").append(data);\n\n\n\n\n\n\n\n\n\n                        var posts_per_page = 30;\n\n                        var final_count = parseInt($(\".loadmore-course-btn\").attr(\"data-count\")) + parseInt(posts_per_page);\n\n\n\n                        var total_found_posts = parseInt(1);\n\n                        $(\".loadmore-course-btn\").removeAttr(\"data-count\");\n\n                        $(\".loadmore-course-btn\").attr(\"data-count\", final_count);\n\n\n\n\n\n\n\n                        var total_loaded_count = parseInt($(\".loadmore-course-btn\").attr(\"data-count\")) - parseInt(posts_per_page);\n\n\n\n                        $(\".loadmore-course-btn\").removeAttr(\"data-total-loaded\");\n\n                        $(\".loadmore-course-btn\").attr(\"data-total-loaded\", total_loaded_count);\n\n                        $(\"#load-next-courses-message\").empty();\n\n                        $(\".loadmore-course-btn\").show();\n\n\n\n                        if ( parseInt($(\".loadmore-course-btn\").attr(\"data-total-loaded\")) > total_found_posts) {\n\n                            $(\"#load-next-courses-message\").append(\"No more courses available\");\n\n                            $(\".load-more-courses-wrap, #load-next-courses-message\").fadeOut();\n\n                            $(\".loadmore-course-btn\").hide();\n\n                        }\n\n                    }\n\n                }\n\n            }); \n\n        });\n\n    });\n\n    <\/script>     \n\n\n\n\n\n    <\/div>[vc_column_text]<\/p>\n<h2 style=\"text-align: center;\"><a href=\"http:\/\/ccis.com.ar\/capacitaciones\/seminarios\/\">Seminarios<\/a><\/h2>\n<p>[\/vc_column_text]<div class=\"educare-course-list-wrap educare-course-list-3\"><div class=\"row\"><div class=\"col-md-4\">\n\n            <div class=\"single-educare-course\">\n            <a href=\"https:\/\/ccis.com.ar\/capacitaciones\/course\/tecnicas-de-negociacion-para-ventas-en-epocas-de-pandemia\/\">\n                <div style=\"background-image:url(https:\/\/ccis.com.ar\/capacitaciones\/wp-content\/uploads\/2020\/06\/foto-web-T\u00e9cnicas-de-negociaci\u00f3n-para-ventas-en-\u00e9pocas-de-pandemia-300x300.jpg)\" class=\"educare-course-img\">\n\n                    <div class=\"educare-loading-bar\">\n\n                        <p><i class=\"fa fa-cog fa-spin\"><\/i> Loading ...<\/p>\n\n                    <\/div>\n\n                    <div class=\"educare-course-img-border\"><\/div>\n\n                <\/div>\n\n                <h2>T\u00e9cnicas de negociaci\u00f3n para ventas en \u00e9pocas de Pandemia. <span> <span  class=\"count\"><\/span><\/span><\/h2>\n\n                <p>[FINALIZADO] Profesor Abg. Mar\u00eda Soledad Munguia. Dirigido a Socios de CCIS y p\u00fablico en gral. Vendedores y comerciales interesados en la negociaci\u00f3n, sus t\u00e9cnicas y estilos. Descripci\u00f3n Negociaci\u00f3n: desde la definici\u00f3n hasta la pr\u00e1ctica de una planificaci\u00f3n Tipos de negociadores. Cu\u00e1l eres t\u00fa? estilos Analizar la situaci\u00f3n para generar una mejor estrategia de negociaci\u00f3n Qu\u00e9 [&hellip;]<\/p>\n\n\n                <a href=\"https:\/\/ccis.com.ar\/capacitaciones\/course\/tecnicas-de-negociacion-para-ventas-en-epocas-de-pandemia\/\" class=\"educare-btn bordered-btn \">Leer m\u00e1s<\/a>\n            <\/a>\n            <\/div>\n\n        <\/div><div class=\"col-md-4\">\n\n            <div class=\"single-educare-course\">\n            <a href=\"https:\/\/ccis.com.ar\/capacitaciones\/course\/atencion-al-cliente-y-neuroventas\/\">\n                <div style=\"background-image:url(https:\/\/ccis.com.ar\/capacitaciones\/wp-content\/uploads\/2019\/06\/foto-charla-gratuita-300x300.png)\" class=\"educare-course-img\">\n\n                    <div class=\"educare-loading-bar\">\n\n                        <p><i class=\"fa fa-cog fa-spin\"><\/i> Loading ...<\/p>\n\n                    <\/div>\n\n                    <div class=\"educare-course-img-border\"><\/div>\n\n                <\/div>\n\n                <h2>Atenci\u00f3n al Cliente y Neuroventas <span> <span  class=\"count\"><\/span><\/span><\/h2>\n\n                <p>[FINALIZADO] Profesor: Mariz\u00fa Nogu\u00e9z. Duraci\u00f3n: 1 encuentro. D\u00edas de cursado: Viernes de 13 a 15.30 hs. Inicia: Viernes 12\/07 Lugar de cursado: Alsina 17, 1er piso Costo total: Gratuito. Dirigido a A todos en general y en particular a todo el personal de contacto con clientes que tengan la responsabilidad de atender y desarrollar v\u00ednculos [&hellip;]<\/p>\n\n\n                <a href=\"https:\/\/ccis.com.ar\/capacitaciones\/course\/atencion-al-cliente-y-neuroventas\/\" class=\"educare-btn bordered-btn \">Leer m\u00e1s<\/a>\n            <\/a>\n            <\/div>\n\n        <\/div><div class=\"col-md-4\">\n\n            <div class=\"single-educare-course\">\n            <a href=\"https:\/\/ccis.com.ar\/capacitaciones\/cursos\/seminario-de-social-selling-como-generar-clientes-a-traves-de-las-redes-sociales-facebook-e-instagram\/\">\n                <div style=\"background-image:url(https:\/\/ccis.com.ar\/capacitaciones\/wp-content\/uploads\/2019\/02\/fotoweb-SOCIAL-SELLING-300x300.png)\" class=\"educare-course-img\">\n\n                    <div class=\"educare-loading-bar\">\n\n                        <p><i class=\"fa fa-cog fa-spin\"><\/i> Loading ...<\/p>\n\n                    <\/div>\n\n                    <div class=\"educare-course-img-border\"><\/div>\n\n                <\/div>\n\n                <h2>Seminario de Social Selling \u00bfc\u00f3mo generar clientes a trav\u00e9s de las redes sociales Facebook e Instagram? <span> <span  class=\"count\"><\/span><\/span><\/h2>\n\n                <p>[FINALIZADO] Profesor:\u00a0Bruno Palmieri &#8211;\u00a0VER PERFIL Resumen Bio: Bruno Palmieri se dedica desde hace m\u00e1s de 10 a\u00f1os a las tem\u00e1ticas de Marketing Digital y Comercio Electr\u00f3nico. Es presidente de ABAKO Desarrollo de Negocios Online S.A., es profesional certificado Google Cloud Partner para todo Latinoam\u00e9rica, y profesor en diferentes Diplomaturas y Cursos de estas tem\u00e1ticas en [&hellip;]<\/p>\n\n\n                <a href=\"https:\/\/ccis.com.ar\/capacitaciones\/cursos\/seminario-de-social-selling-como-generar-clientes-a-traves-de-las-redes-sociales-facebook-e-instagram\/\" class=\"educare-btn bordered-btn \">Leer m\u00e1s<\/a>\n            <\/a>\n            <\/div>\n\n        <\/div><\/div><div class=\"row\"><\/div>\n\n    <script>\n\n    jQuery(document).ready(function($){\n\n        $(\".loadmore-course-btn\").click(function(){\n\n            $.ajax({\n\n                type: 'POST',\n\n                url: \"https:\/\/ccis.com.ar\/capacitaciones\/wp-admin\/admin-ajax.php\",\n\n                dataType: 'html',\n\n                data: {\n\n                    count: $(this).attr(\"data-count\"),\n\n                    columns: $(this).attr(\"data-columns\"),\n\n                    static_count: $(this).attr(\"data-static-count\"),\n\n                    total_loaded: $(this).attr(\"data-total-loaded\"),\n\n                    btn_text: $(this).attr(\"data-btn-text\"),\n\n                    category: $(this).attr(\"data-category\"),\n\n                    action: 'load_more_courses',\n\n                    nonce: $(this).data('nonce')\n\n                },\n\n                beforeSend: function(data) {\n\n                    $(\"#load-next-courses-message\").append(\"<span class='coursemore-loading-text'><i class='fa fa-cog fa-spin'><\/i> courses loading ...<\/span>\");\n\n                    $(\".loadmore-course-btn\").hide();\n\n                },\n\n                success: function(data, result){\n\n                    if( result != 'error' ) {\n\n                        $(\".educare-course-list-wrap .row\").append(data);\n\n\n\n\n\n\n\n\n\n                        var posts_per_page = 30;\n\n                        var final_count = parseInt($(\".loadmore-course-btn\").attr(\"data-count\")) + parseInt(posts_per_page);\n\n\n\n                        var total_found_posts = parseInt(3);\n\n                        $(\".loadmore-course-btn\").removeAttr(\"data-count\");\n\n                        $(\".loadmore-course-btn\").attr(\"data-count\", final_count);\n\n\n\n\n\n\n\n                        var total_loaded_count = parseInt($(\".loadmore-course-btn\").attr(\"data-count\")) - parseInt(posts_per_page);\n\n\n\n                        $(\".loadmore-course-btn\").removeAttr(\"data-total-loaded\");\n\n                        $(\".loadmore-course-btn\").attr(\"data-total-loaded\", total_loaded_count);\n\n                        $(\"#load-next-courses-message\").empty();\n\n                        $(\".loadmore-course-btn\").show();\n\n\n\n                        if ( parseInt($(\".loadmore-course-btn\").attr(\"data-total-loaded\")) > total_found_posts) {\n\n                            $(\"#load-next-courses-message\").append(\"No more courses available\");\n\n                            $(\".load-more-courses-wrap, #load-next-courses-message\").fadeOut();\n\n                            $(\".loadmore-course-btn\").hide();\n\n                        }\n\n                    }\n\n                }\n\n            }); \n\n        });\n\n    });\n\n    <\/script>     \n\n\n\n\n\n    <\/div>[\/vc_column][\/vc_row][vc_row css=\u00bb.vc_custom_1479819549756{padding-top: 100px !important;padding-bottom: 50px !important;}\u00bb][vc_column]\n        <div class=\"educare-section-title educare-section-title-style-1\"><h2>Eventos y Capacitacion de CCIS<\/h2><\/div>[\/vc_column][vc_column width=\u00bb1\/3&#8243;]<a href=\"https:\/\/ccis.com.ar\/capacitaciones\/nuestros-profesores\/\" style=\"background-image:url(https:\/\/ccis.com.ar\/capacitaciones\/wp-content\/uploads\/2016\/12\/slide-bg-300x144-1-300x144.jpg)\"  class=\"educare-service-box\"><div class=\"service-box-inner\">\n            <div class=\"educare-service-box-image\">\n                <img src=\"https:\/\/ccis.com.ar\/capacitaciones\/wp-content\/uploads\/2016\/11\/prof.png\" alt=\"PROFESORES EXPERIMENTADOS\"\/>\n            \n            <\/div>\n            <h2>PROFESORES EXPERIMENTADOS<\/h2>\n            <div class=\"educare-service-box-content\">\n                <p>Cursos brindados por profesores capacitados y apasionados, dispuestos a transmitir lo mejor de s\u00ed<\/p>\n\n            <\/div>\n        <\/div><\/a>[\/vc_column][vc_column width=\u00bb1\/3&#8243;]<a href=\"https:\/\/ccis.com.ar\/capacitaciones\/como-me-inscribo\/\" style=\"background-image:url(https:\/\/ccis.com.ar\/capacitaciones\/wp-content\/uploads\/2016\/12\/slide-bg-300x144-1-300x144.jpg)\"  class=\"educare-service-box\"><div class=\"service-box-inner\">\n            <div class=\"educare-service-box-image\"><i class=\"fa fa-check\"><\/i>\n            <\/div>\n            <h2>COMO ME INSCRIBO<\/h2>\n            <div class=\"educare-service-box-content\">\n                <p>En 4 simples pasos te explicamos como inscribirte a nuestros cursos. <\/p>\n\n            <\/div>\n        <\/div><\/a>[\/vc_column][vc_column width=\u00bb1\/3&#8243;]<a href=\"https:\/\/ccis.com.ar\/capacitaciones\/contacto\/\" style=\"background-image:url(https:\/\/ccis.com.ar\/capacitaciones\/wp-content\/uploads\/2016\/12\/slide-bg-300x144-1-300x144.jpg)\"  class=\"educare-service-box\"><div class=\"service-box-inner\">\n            <div class=\"educare-service-box-image\"><i class=\"fa fa-map-marker\"><\/i>\n            <\/div>\n            <h2>UBICACI\u00d3N CENTRICA<\/h2>\n            <div class=\"educare-service-box-content\">\n                <p>Las capacitaciones se dictan en nuestras instalaciones ubicadas en pleno centro de la ciudad de Bah\u00eda Blanca<\/p>\n\n            <\/div>\n        <\/div><\/a>[\/vc_column][\/vc_row][vc_row css=\u00bb.vc_custom_1481020273160{padding-top: 50px !important;padding-bottom: 50px !important;}\u00bb][vc_column]\n        <div class=\"educare-section-title educare-section-title-style-1\"><h2>\u00daltimos Eventos<\/h2><p>No te pierdas nuestras Charlas, Seminarios, Master Class y mucho m\u00e1s!<\/p>\n<\/div>\n        <div class=\"educare-events educare-events-column-3 educare-events-style-2\" id=\"educare-events-33398\"><div class=\"row\"><\/div><\/div>[\/vc_column][\/vc_row][vc_row][vc_column][vc_single_image image=\u00bb1739&#8243; img_size=\u00bbfull\u00bb alignment=\u00bbcenter\u00bb css=\u00bb.vc_custom_1522060759746{border-radius: 5px !important;}\u00bb][\/vc_column][\/vc_row][vc_row full_width=\u00bbstretch_row\u00bb el_class=\u00bbgreen-overlay\u00bb css=\u00bb.vc_custom_1479873067304{padding-top: 50px !important;padding-bottom: 50px !important;background-image: url(http:\/\/dev.champtheme.net\/educare\/wp-content\/uploads\/2016\/11\/slide-bg.jpg?id=76) !important;background-position: center !important;background-repeat: no-repeat !important;background-size: cover !important;}\u00bb][vc_column width=\u00bb5\/12&#8243; offset=\u00bbvc_col-sm-offset-0 vc_col-xs-offset-1 vc_col-xs-10&#8243;]\n        <div class=\"educare-section-title educare-section-title-style-3\"><h2>Subscribite a nuestro newsletter<\/h2><p>y recib\u00ed las \u00faltimas novedades<\/p>\n<\/div>[\/vc_column][vc_column width=\u00bb1\/2&#8243; offset=\u00bbvc_col-lg-offset-1 vc_col-sm-offset-0 vc_col-xs-12&#8243;]\n<div class=\"wpcf7 no-js\" id=\"wpcf7-f143-o1\" lang=\"en-US\" dir=\"ltr\">\n<div class=\"screen-reader-response\"><p role=\"status\" aria-live=\"polite\" aria-atomic=\"true\"><\/p> <ul><\/ul><\/div>\n<form action=\"\/capacitaciones\/wp-json\/wp\/v2\/pages\/6#wpcf7-f143-o1\" method=\"post\" class=\"wpcf7-form init\" aria-label=\"Contact form\" novalidate=\"novalidate\" data-status=\"init\">\n<div style=\"display: none;\">\n<input type=\"hidden\" name=\"_wpcf7\" value=\"143\" \/>\n<input type=\"hidden\" name=\"_wpcf7_version\" value=\"5.8.2\" \/>\n<input type=\"hidden\" name=\"_wpcf7_locale\" value=\"en_US\" \/>\n<input type=\"hidden\" name=\"_wpcf7_unit_tag\" value=\"wpcf7-f143-o1\" \/>\n<input type=\"hidden\" name=\"_wpcf7_container_post\" value=\"0\" \/>\n<input type=\"hidden\" name=\"_wpcf7_posted_data_hash\" value=\"\" \/>\n<\/div>\n<div class=\"educare-newsletter-subscribe\">\n\t<p><span class=\"wpcf7-form-control-wrap\" data-name=\"email\"><input size=\"40\" class=\"wpcf7-form-control wpcf7-email wpcf7-validates-as-required wpcf7-text wpcf7-validates-as-email\" aria-required=\"true\" aria-invalid=\"false\" placeholder=\"Ingrese su email\" value=\"\" type=\"email\" name=\"email\" \/><\/span><br \/>\n<input class=\"wpcf7-form-control wpcf7-submit has-spinner\" type=\"submit\" value=\"Subscribite\" \/>\n\t<\/p>\n<\/div><p style=\"display: none !important;\"><label>&#916;<textarea name=\"_wpcf7_ak_hp_textarea\" cols=\"45\" rows=\"8\" maxlength=\"100\"><\/textarea><\/label><input type=\"hidden\" id=\"ak_js_1\" name=\"_wpcf7_ak_js\" value=\"109\"\/><script>document.getElementById( \"ak_js_1\" ).setAttribute( \"value\", ( new Date() ).getTime() );<\/script><\/p><div class=\"inv-recaptcha-holder\"><\/div><div class=\"wpcf7-response-output\" aria-hidden=\"true\"><\/div>\n<\/form>\n<\/div>\n[\/vc_column][\/vc_row][vc_row][vc_column][vc_column_text]<\/p>\n<p>[\/vc_column_text][\/vc_column][\/vc_row]<\/p>","protected":false},"excerpt":{"rendered":"<p>[vc_row][vc_column][vc_raw_html]JTNDYnIlMkYlM0U=[\/vc_raw_html][\/vc_column][\/vc_row][vc_row][vc_column][vc_column_text] Cursos [\/vc_column_text][vc_column_text] Escuela de Ventas [\/vc_column_text][vc_column_text] Seminarios [\/vc_column_text][\/vc_column][\/vc_row][vc_row css=\u00bb.vc_custom_1479819549756{padding-top: 100px !important;padding-bottom: 50px !important;}\u00bb][vc_column][\/vc_column][vc_column width=\u00bb1\/3&#8243;][\/vc_column][vc_column width=\u00bb1\/3&#8243;][\/vc_column][vc_column width=\u00bb1\/3&#8243;][\/vc_column][\/vc_row][vc_row css=\u00bb.vc_custom_1481020273160{padding-top: 50px !important;padding-bottom: 50px !important;}\u00bb][vc_column][\/vc_column][\/vc_row][vc_row][vc_column][vc_single_image image=\u00bb1739&#8243; img_size=\u00bbfull\u00bb alignment=\u00bbcenter\u00bb css=\u00bb.vc_custom_1522060759746{border-radius: 5px !important;}\u00bb][\/vc_column][\/vc_row][vc_row full_width=\u00bbstretch_row\u00bb el_class=\u00bbgreen-overlay\u00bb css=\u00bb.vc_custom_1479873067304{padding-top: 50px !important;padding-bottom: 50px !important;background-image: url(http:\/\/dev.champtheme.net\/educare\/wp-content\/uploads\/2016\/11\/slide-bg.jpg?id=76) !important;background-position: center !important;background-repeat: no-repeat !important;background-size: cover !important;}\u00bb][vc_column width=\u00bb5\/12&#8243; offset=\u00bbvc_col-sm-offset-0 vc_col-xs-offset-1 vc_col-xs-10&#8243;][\/vc_column][vc_column width=\u00bb1\/2&#8243; offset=\u00bbvc_col-lg-offset-1 vc_col-sm-offset-0 vc_col-xs-12&#8243;][\/vc_column][\/vc_row][vc_row][vc_column][vc_column_text] [\/vc_column_text][\/vc_column][\/vc_row]<\/p>\n","protected":false},"author":1,"featured_media":0,"parent":0,"menu_order":0,"comment_status":"closed","ping_status":"closed","template":"","meta":{"footnotes":""},"_links":{"self":[{"href":"https:\/\/ccis.com.ar\/capacitaciones\/wp-json\/wp\/v2\/pages\/6"}],"collection":[{"href":"https:\/\/ccis.com.ar\/capacitaciones\/wp-json\/wp\/v2\/pages"}],"about":[{"href":"https:\/\/ccis.com.ar\/capacitaciones\/wp-json\/wp\/v2\/types\/page"}],"author":[{"embeddable":true,"href":"https:\/\/ccis.com.ar\/capacitaciones\/wp-json\/wp\/v2\/users\/1"}],"replies":[{"embeddable":true,"href":"https:\/\/ccis.com.ar\/capacitaciones\/wp-json\/wp\/v2\/comments?post=6"}],"version-history":[{"count":195,"href":"https:\/\/ccis.com.ar\/capacitaciones\/wp-json\/wp\/v2\/pages\/6\/revisions"}],"predecessor-version":[{"id":3336,"href":"https:\/\/ccis.com.ar\/capacitaciones\/wp-json\/wp\/v2\/pages\/6\/revisions\/3336"}],"wp:attachment":[{"href":"https:\/\/ccis.com.ar\/capacitaciones\/wp-json\/wp\/v2\/media?parent=6"}],"curies":[{"name":"wp","href":"https:\/\/api.w.org\/{rel}","templated":true}]}}